{"id":1413,"date":"2026-01-10T10:47:02","date_gmt":"2026-01-10T09:47:02","guid":{"rendered":"https:\/\/lestouches-france.com\/?page_id=1413"},"modified":"2026-01-12T13:07:17","modified_gmt":"2026-01-12T12:07:17","slug":"rooms","status":"publish","type":"page","link":"https:\/\/lestouches-france.com\/en\/chambres\/","title":{"rendered":"Rooms"},"content":{"rendered":"\t\t<div data-elementor-type=\"wp-page\" data-elementor-id=\"1413\" class=\"elementor elementor-1413\" data-elementor-post-type=\"page\">\n\t\t\t\t\t\t<section class=\"elementor-section elementor-top-section elementor-element elementor-element-40c751a elementor-section-full_width elementor-section-height-full elementor-section-height-default elementor-section-items-middle\" data-id=\"40c751a\" data-element_type=\"section\" data-e-type=\"section\" data-settings=\"{&quot;background_background&quot;:&quot;classic&quot;,&quot;background_motion_fx_motion_fx_scrolling&quot;:&quot;yes&quot;,&quot;background_motion_fx_translateY_effect&quot;:&quot;yes&quot;,&quot;background_motion_fx_translateY_speed&quot;:{&quot;unit&quot;:&quot;px&quot;,&quot;size&quot;:4,&quot;sizes&quot;:[]},&quot;background_motion_fx_translateY_affectedRange&quot;:{&quot;unit&quot;:&quot;%&quot;,&quot;size&quot;:&quot;&quot;,&quot;sizes&quot;:{&quot;start&quot;:0,&quot;end&quot;:100}},&quot;background_motion_fx_devices&quot;:[&quot;desktop&quot;,&quot;tablet&quot;,&quot;mobile&quot;]}\">\n\t\t\t\t\t\t<div class=\"elementor-container elementor-column-gap-default\">\n\t\t\t\t\t<div class=\"elementor-column elementor-col-100 elementor-top-column elementor-element elementor-element-7318eb4d\" data-id=\"7318eb4d\" data-element_type=\"column\" data-e-type=\"column\">\n\t\t\t<div class=\"elementor-widget-wrap elementor-element-populated\">\n\t\t\t\t\t\t<div class=\"elementor-element elementor-element-1d2540e8 elementor-widget elementor-widget-text-editor\" data-id=\"1d2540e8\" data-element_type=\"widget\" data-e-type=\"widget\" data-widget_type=\"text-editor.default\">\n\t\t\t\t<div class=\"elementor-widget-container\">\n\t\t\t\t\t\t\t\t\t<p>Nos chambres d&rsquo;h\u00f4tes de charme<\/p>\t\t\t\t\t\t\t\t<\/div>\n\t\t\t\t<\/div>\n\t\t\t\t\t<\/div>\n\t\t<\/div>\n\t\t\t\t\t<\/div>\n\t\t<\/section>\n\t\t<div class=\"elementor-element elementor-element-5f50cd91 e-flex e-con-boxed e-con e-parent\" data-id=\"5f50cd91\" data-element_type=\"container\" data-e-type=\"container\">\n\t\t\t\t\t<div class=\"e-con-inner\">\n\t\t\t\t<div class=\"elementor-element elementor-element-52eae80a elementor-widget elementor-widget-image\" data-id=\"52eae80a\" data-element_type=\"widget\" data-e-type=\"widget\" data-widget_type=\"image.default\">\n\t\t\t\t<div class=\"elementor-widget-container\">\n\t\t\t\t\t\t\t\t\t\t\t\t\t\t\t<img decoding=\"async\" src=\"https:\/\/i0.wp.com\/lestouches-france.com\/wp-content\/uploads\/2026\/01\/Screenshot-2026-01-10-094750.png?fit=120%2C120&#038;ssl=1\" title=\"Screenshot 2026-01-10 094750\" alt=\"Screenshot 2026-01-10 094750\" loading=\"lazy\" \/>\t\t\t\t\t\t\t\t\t\t\t\t\t\t\t<\/div>\n\t\t\t\t<\/div>\n\t\t\t\t<div class=\"elementor-element elementor-element-463835a elementor-widget elementor-widget-text-editor\" data-id=\"463835a\" data-element_type=\"widget\" data-e-type=\"widget\" data-widget_type=\"text-editor.default\">\n\t\t\t\t<div class=\"elementor-widget-container\">\n\t\t\t\t\t\t\t\t\t<p style=\"text-align: center;\">R\u00e9servez d\u00e8s maintenant l\u2019une de nos chambres d&rsquo;h\u00f4tes de charme, avec acc\u00e8s \u00e0 la piscine couverte, pour un s\u00e9jour d\u2019exception au Manoir Les Touches, au c\u0153ur de l\u2019Anjou.<\/p>\t\t\t\t\t\t\t\t<\/div>\n\t\t\t\t<\/div>\n\t\t\t\t<div class=\"elementor-element elementor-element-6d4f8972 elementor-widget elementor-widget-text-editor\" data-id=\"6d4f8972\" data-element_type=\"widget\" data-e-type=\"widget\" data-widget_type=\"text-editor.default\">\n\t\t\t\t<div class=\"elementor-widget-container\">\n\t\t\t\t\t\t\t\t\t<p style=\"text-align: center;\">De septembre \u00e0 juin, des s\u00e9jours \u00e0 partir d&rsquo;une nuit sont possibles, selon les disponibilit\u00e9s.\u00a0<\/p>\t\t\t\t\t\t\t\t<\/div>\n\t\t\t\t<\/div>\n\t\t\t\t\t<\/div>\n\t\t\t\t<\/div>\n\t\t<div class=\"elementor-element elementor-element-29320de9 e-con-full e-flex e-con e-parent\" data-id=\"29320de9\" data-element_type=\"container\" data-e-type=\"container\">\n\t\t<div class=\"elementor-element elementor-element-48029500 e-grid e-con-full e-con e-child\" data-id=\"48029500\" data-element_type=\"container\" data-e-type=\"container\">\n\t\t\t\t<div class=\"elementor-element elementor-element-23be7e8 elementor-cta--skin-classic elementor-animated-content elementor-bg-transform elementor-bg-transform-zoom-in elementor-widget elementor-widget-call-to-action\" data-id=\"23be7e8\" data-element_type=\"widget\" data-e-type=\"widget\" data-widget_type=\"call-to-action.default\">\n\t\t\t\t<div class=\"elementor-widget-container\">\n\t\t\t\t\t\t\t<a class=\"elementor-cta\" href=\"https:\/\/lestouches-france.com\/chambres\/la-tour\/\">\n\t\t\t\t\t<div class=\"elementor-cta__bg-wrapper\">\n\t\t\t\t<div class=\"elementor-cta__bg elementor-bg\" style=\"background-image: url(https:\/\/i0.wp.com\/lestouches-france.com\/wp-content\/uploads\/2026\/01\/2025-09-15-17-37-12-scaled.jpeg?fit=768%2C1024&#038;ssl=1);\" role=\"img\" aria-label=\"2025-09-15 17-37-12\"><\/div>\n\t\t\t\t<div class=\"elementor-cta__bg-overlay\"><\/div>\n\t\t\t<\/div>\n\t\t\t\t\t\t\t<div class=\"elementor-cta__content\">\n\t\t\t\t\n\t\t\t\t\t\t\t\t\t<h2 class=\"elementor-cta__title elementor-cta__content-item elementor-content-item\">\n\t\t\t\t\t\tChambre De La Tour\t\t\t\t\t<\/h2>\n\t\t\t\t\n\t\t\t\t\t\t\t\t\t<div class=\"elementor-cta__description elementor-cta__content-item elementor-content-item\">\n\t\t\t\t\t\tChambre d\u2019h\u00f4tes de 30 m\u00b2, pleine de caract\u00e8re, avec salle de bain privative am\u00e9nag\u00e9e dans la tour historique du manoir.\nUne exp\u00e9rience unique, alliant charme ancien, confort et atmosph\u00e8re authentique.\t\t\t\t\t<\/div>\n\t\t\t\t\n\t\t\t\t\t\t\t\t\t<div class=\"elementor-cta__button-wrapper elementor-cta__content-item elementor-content-item \">\n\t\t\t\t\t<span class=\"elementor-cta__button elementor-button elementor-size-\">\n\t\t\t\t\t\t1-2 personnes\t\t\t\t\t<\/span>\n\t\t\t\t\t<\/div>\n\t\t\t\t\t\t\t<\/div>\n\t\t\t\t\t\t<\/a>\n\t\t\t\t\t\t<\/div>\n\t\t\t\t<\/div>\n\t\t\t\t<div class=\"elementor-element elementor-element-4dae68b1 elementor-cta--skin-classic elementor-animated-content elementor-bg-transform elementor-bg-transform-zoom-in elementor-widget elementor-widget-call-to-action\" data-id=\"4dae68b1\" data-element_type=\"widget\" data-e-type=\"widget\" data-widget_type=\"call-to-action.default\">\n\t\t\t\t<div class=\"elementor-widget-container\">\n\t\t\t\t\t\t\t<a class=\"elementor-cta\" href=\"https:\/\/lestouches-france.com\/chambres\/golden\/\">\n\t\t\t\t\t<div class=\"elementor-cta__bg-wrapper\">\n\t\t\t\t<div class=\"elementor-cta__bg elementor-bg\" style=\"background-image: url(https:\/\/i0.wp.com\/lestouches-france.com\/wp-content\/uploads\/2026\/01\/2025-09-15-19-35-36-1-scaled.jpeg?fit=768%2C1024&#038;ssl=1);\" role=\"img\" aria-label=\"2025-09-15 19-35-36\"><\/div>\n\t\t\t\t<div class=\"elementor-cta__bg-overlay\"><\/div>\n\t\t\t<\/div>\n\t\t\t\t\t\t\t<div class=\"elementor-cta__content\">\n\t\t\t\t\n\t\t\t\t\t\t\t\t\t<h2 class=\"elementor-cta__title elementor-cta__content-item elementor-content-item\">\n\t\t\t\t\t\tChambre Golden\t\t\t\t\t<\/h2>\n\t\t\t\t\n\t\t\t\t\t\t\t\t\t<div class=\"elementor-cta__description elementor-cta__content-item elementor-content-item\">\n\t\t\t\t\t\tChambre d\u2019h\u00f4tes intime de 15 m\u00b2, avec salle de bain privative, offrant une vue d\u00e9gag\u00e9e sur la campagne environnante et de superbes couchers de soleil en soir\u00e9e.\nUn cocon lumineux et \u00e9l\u00e9gant, id\u00e9al pour un s\u00e9jour au calme.\t\t\t\t\t<\/div>\n\t\t\t\t\n\t\t\t\t\t\t\t\t\t<div class=\"elementor-cta__button-wrapper elementor-cta__content-item elementor-content-item \">\n\t\t\t\t\t<span class=\"elementor-cta__button elementor-button elementor-size-\">\n\t\t\t\t\t\t1-2 personnes\t\t\t\t\t<\/span>\n\t\t\t\t\t<\/div>\n\t\t\t\t\t\t\t<\/div>\n\t\t\t\t\t\t<\/a>\n\t\t\t\t\t\t<\/div>\n\t\t\t\t<\/div>\n\t\t\t\t<\/div>\n\t\t\t\t<\/div>\n\t\t\t\t<\/div>\n\t\t","protected":false},"excerpt":{"rendered":"<p>Nos chambres d&rsquo;h\u00f4tes de charme R\u00e9servez d\u00e8s maintenant l\u2019une de nos chambres d&rsquo;h\u00f4tes de charme, avec acc\u00e8s \u00e0 la piscine couverte, pour un s\u00e9jour d\u2019exception au Manoir Les Touches, au c\u0153ur de l\u2019Anjou. De septembre \u00e0 juin, des s\u00e9jours \u00e0 partir d&rsquo;une nuit sont possibles, selon les disponibilit\u00e9s.\u00a0 Chambre De La Tour Chambre d\u2019h\u00f4tes de [&hellip;]<\/p>\n","protected":false},"author":2,"featured_media":0,"parent":0,"menu_order":0,"comment_status":"closed","ping_status":"closed","template":"","meta":{"content-type":"","footnotes":""},"class_list":["post-1413","page","type-page","status-publish","hentry"],"yoast_head":"<!-- This site is optimized with the Yoast SEO Premium plugin v27.1 (Yoast SEO v27.5) - https:\/\/yoast.com\/product\/yoast-seo-premium-wordpress\/ -->\n<title>Chambres - Les Touches<\/title>\n<meta name=\"robots\" content=\"index, follow, max-snippet:-1, max-image-preview:large, max-video-preview:-1\" \/>\n<link rel=\"canonical\" href=\"https:\/\/lestouches-france.com\/en\/rooms\/\" \/>\n<meta property=\"og:locale\" content=\"en_GB\" \/>\n<meta property=\"og:type\" content=\"article\" \/>\n<meta property=\"og:title\" content=\"Chambres\" \/>\n<meta property=\"og:description\" content=\"Nos chambres d&rsquo;h\u00f4tes de charme R\u00e9servez d\u00e8s maintenant l\u2019une de nos chambres d&rsquo;h\u00f4tes de charme, avec acc\u00e8s \u00e0 la piscine couverte, pour un s\u00e9jour d\u2019exception au Manoir Les Touches, au c\u0153ur de l\u2019Anjou. De septembre \u00e0 juin, des s\u00e9jours \u00e0 partir d&rsquo;une nuit sont possibles, selon les disponibilit\u00e9s.\u00a0 Chambre De La Tour Chambre d\u2019h\u00f4tes de [&hellip;]\" \/>\n<meta property=\"og:url\" content=\"https:\/\/lestouches-france.com\/en\/rooms\/\" \/>\n<meta property=\"og:site_name\" content=\"Les Touches\" \/>\n<meta property=\"article:modified_time\" content=\"2026-01-12T12:07:17+00:00\" \/>\n<meta property=\"og:image\" content=\"https:\/\/lestouches-france.com\/wp-content\/uploads\/elementor\/thumbs\/Screenshot-2026-01-10-094750-rhg0shrpfy9n3ggyu303b1a5h67tmes6kys69v20mo.png\" \/>\n<meta name=\"twitter:card\" content=\"summary_large_image\" \/>\n<meta name=\"twitter:label1\" content=\"Estimated reading time\" \/>\n\t<meta name=\"twitter:data1\" content=\"1 minute\" \/>\n<script type=\"application\/ld+json\" class=\"yoast-schema-graph\">{\"@context\":\"https:\\\/\\\/schema.org\",\"@graph\":[{\"@type\":\"WebPage\",\"@id\":\"https:\\\/\\\/lestouches-france.com\\\/chambres\\\/\",\"url\":\"https:\\\/\\\/lestouches-france.com\\\/chambres\\\/\",\"name\":\"Chambres - Les Touches\",\"isPartOf\":{\"@id\":\"https:\\\/\\\/lestouches-france.com\\\/#website\"},\"primaryImageOfPage\":{\"@id\":\"https:\\\/\\\/lestouches-france.com\\\/chambres\\\/#primaryimage\"},\"image\":{\"@id\":\"https:\\\/\\\/lestouches-france.com\\\/chambres\\\/#primaryimage\"},\"thumbnailUrl\":\"https:\\\/\\\/lestouches-france.com\\\/wp-content\\\/uploads\\\/elementor\\\/thumbs\\\/Screenshot-2026-01-10-094750-rhg0shrpfy9n3ggyu303b1a5h67tmes6kys69v20mo.png\",\"datePublished\":\"2026-01-10T09:47:02+00:00\",\"dateModified\":\"2026-01-12T12:07:17+00:00\",\"breadcrumb\":{\"@id\":\"https:\\\/\\\/lestouches-france.com\\\/chambres\\\/#breadcrumb\"},\"inLanguage\":\"en-GB\",\"potentialAction\":[{\"@type\":\"ReadAction\",\"target\":[\"https:\\\/\\\/lestouches-france.com\\\/chambres\\\/\"]}]},{\"@type\":\"ImageObject\",\"inLanguage\":\"en-GB\",\"@id\":\"https:\\\/\\\/lestouches-france.com\\\/chambres\\\/#primaryimage\",\"url\":\"https:\\\/\\\/lestouches-france.com\\\/wp-content\\\/uploads\\\/elementor\\\/thumbs\\\/Screenshot-2026-01-10-094750-rhg0shrpfy9n3ggyu303b1a5h67tmes6kys69v20mo.png\",\"contentUrl\":\"https:\\\/\\\/lestouches-france.com\\\/wp-content\\\/uploads\\\/elementor\\\/thumbs\\\/Screenshot-2026-01-10-094750-rhg0shrpfy9n3ggyu303b1a5h67tmes6kys69v20mo.png\"},{\"@type\":\"BreadcrumbList\",\"@id\":\"https:\\\/\\\/lestouches-france.com\\\/chambres\\\/#breadcrumb\",\"itemListElement\":[{\"@type\":\"ListItem\",\"position\":1,\"name\":\"Home\",\"item\":\"https:\\\/\\\/lestouches-france.com\\\/\"},{\"@type\":\"ListItem\",\"position\":2,\"name\":\"Chambres\"}]},{\"@type\":\"WebSite\",\"@id\":\"https:\\\/\\\/lestouches-france.com\\\/#website\",\"url\":\"https:\\\/\\\/lestouches-france.com\\\/\",\"name\":\"Les Touches\",\"description\":\"Holiday Homes in The Loire Valley\",\"publisher\":{\"@id\":\"https:\\\/\\\/lestouches-france.com\\\/#organization\"},\"potentialAction\":[{\"@type\":\"SearchAction\",\"target\":{\"@type\":\"EntryPoint\",\"urlTemplate\":\"https:\\\/\\\/lestouches-france.com\\\/?s={search_term_string}\"},\"query-input\":{\"@type\":\"PropertyValueSpecification\",\"valueRequired\":true,\"valueName\":\"search_term_string\"}}],\"inLanguage\":\"en-GB\"},{\"@type\":\"Organization\",\"@id\":\"https:\\\/\\\/lestouches-france.com\\\/#organization\",\"name\":\"Les Touches\",\"url\":\"https:\\\/\\\/lestouches-france.com\\\/\",\"logo\":{\"@type\":\"ImageObject\",\"inLanguage\":\"en-GB\",\"@id\":\"https:\\\/\\\/lestouches-france.com\\\/#\\\/schema\\\/logo\\\/image\\\/\",\"url\":\"https:\\\/\\\/i0.wp.com\\\/lestouches-france.com\\\/wp-content\\\/uploads\\\/2020\\\/08\\\/cropped-12191645_1513828312264543_4617545546530602927_n.png?fit=300%2C259&ssl=1\",\"contentUrl\":\"https:\\\/\\\/i0.wp.com\\\/lestouches-france.com\\\/wp-content\\\/uploads\\\/2020\\\/08\\\/cropped-12191645_1513828312264543_4617545546530602927_n.png?fit=300%2C259&ssl=1\",\"width\":300,\"height\":259,\"caption\":\"Les Touches\"},\"image\":{\"@id\":\"https:\\\/\\\/lestouches-france.com\\\/#\\\/schema\\\/logo\\\/image\\\/\"}}]}<\/script>\n<!-- \/ Yoast SEO Premium plugin. -->","yoast_head_json":{"title":"Rooms - Les Touches","robots":{"index":"index","follow":"follow","max-snippet":"max-snippet:-1","max-image-preview":"max-image-preview:large","max-video-preview":"max-video-preview:-1"},"canonical":"https:\/\/lestouches-france.com\/en\/rooms\/","og_locale":"en_GB","og_type":"article","og_title":"Chambres","og_description":"Nos chambres d&rsquo;h\u00f4tes de charme R\u00e9servez d\u00e8s maintenant l\u2019une de nos chambres d&rsquo;h\u00f4tes de charme, avec acc\u00e8s \u00e0 la piscine couverte, pour un s\u00e9jour d\u2019exception au Manoir Les Touches, au c\u0153ur de l\u2019Anjou. De septembre \u00e0 juin, des s\u00e9jours \u00e0 partir d&rsquo;une nuit sont possibles, selon les disponibilit\u00e9s.\u00a0 Chambre De La Tour Chambre d\u2019h\u00f4tes de [&hellip;]","og_url":"https:\/\/lestouches-france.com\/en\/rooms\/","og_site_name":"Les Touches","article_modified_time":"2026-01-12T12:07:17+00:00","og_image":[{"url":"https:\/\/lestouches-france.com\/wp-content\/uploads\/elementor\/thumbs\/Screenshot-2026-01-10-094750-rhg0shrpfy9n3ggyu303b1a5h67tmes6kys69v20mo.png","type":"","width":"","height":""}],"twitter_card":"summary_large_image","twitter_misc":{"Estimated reading time":"1 minute"},"schema":{"@context":"https:\/\/schema.org","@graph":[{"@type":"WebPage","@id":"https:\/\/lestouches-france.com\/chambres\/","url":"https:\/\/lestouches-france.com\/chambres\/","name":"Rooms - Les Touches","isPartOf":{"@id":"https:\/\/lestouches-france.com\/#website"},"primaryImageOfPage":{"@id":"https:\/\/lestouches-france.com\/chambres\/#primaryimage"},"image":{"@id":"https:\/\/lestouches-france.com\/chambres\/#primaryimage"},"thumbnailUrl":"https:\/\/lestouches-france.com\/wp-content\/uploads\/elementor\/thumbs\/Screenshot-2026-01-10-094750-rhg0shrpfy9n3ggyu303b1a5h67tmes6kys69v20mo.png","datePublished":"2026-01-10T09:47:02+00:00","dateModified":"2026-01-12T12:07:17+00:00","breadcrumb":{"@id":"https:\/\/lestouches-france.com\/chambres\/#breadcrumb"},"inLanguage":"en-GB","potentialAction":[{"@type":"ReadAction","target":["https:\/\/lestouches-france.com\/chambres\/"]}]},{"@type":"ImageObject","inLanguage":"en-GB","@id":"https:\/\/lestouches-france.com\/chambres\/#primaryimage","url":"https:\/\/lestouches-france.com\/wp-content\/uploads\/elementor\/thumbs\/Screenshot-2026-01-10-094750-rhg0shrpfy9n3ggyu303b1a5h67tmes6kys69v20mo.png","contentUrl":"https:\/\/lestouches-france.com\/wp-content\/uploads\/elementor\/thumbs\/Screenshot-2026-01-10-094750-rhg0shrpfy9n3ggyu303b1a5h67tmes6kys69v20mo.png"},{"@type":"BreadcrumbList","@id":"https:\/\/lestouches-france.com\/chambres\/#breadcrumb","itemListElement":[{"@type":"ListItem","position":1,"name":"Home","item":"https:\/\/lestouches-france.com\/"},{"@type":"ListItem","position":2,"name":"Chambres"}]},{"@type":"WebSite","@id":"https:\/\/lestouches-france.com\/#website","url":"https:\/\/lestouches-france.com\/","name":"Les Touches","description":"Holiday Homes in The Loire Valley","publisher":{"@id":"https:\/\/lestouches-france.com\/#organization"},"potentialAction":[{"@type":"SearchAction","target":{"@type":"EntryPoint","urlTemplate":"https:\/\/lestouches-france.com\/?s={search_term_string}"},"query-input":{"@type":"PropertyValueSpecification","valueRequired":true,"valueName":"search_term_string"}}],"inLanguage":"en-GB"},{"@type":"Organization","@id":"https:\/\/lestouches-france.com\/#organization","name":"Les Touches","url":"https:\/\/lestouches-france.com\/","logo":{"@type":"ImageObject","inLanguage":"en-GB","@id":"https:\/\/lestouches-france.com\/#\/schema\/logo\/image\/","url":"https:\/\/i0.wp.com\/lestouches-france.com\/wp-content\/uploads\/2020\/08\/cropped-12191645_1513828312264543_4617545546530602927_n.png?fit=300%2C259&ssl=1","contentUrl":"https:\/\/i0.wp.com\/lestouches-france.com\/wp-content\/uploads\/2020\/08\/cropped-12191645_1513828312264543_4617545546530602927_n.png?fit=300%2C259&ssl=1","width":300,"height":259,"caption":"Les Touches"},"image":{"@id":"https:\/\/lestouches-france.com\/#\/schema\/logo\/image\/"}}]}},"jetpack_sharing_enabled":true,"_links":{"self":[{"href":"https:\/\/lestouches-france.com\/en\/wp-json\/wp\/v2\/pages\/1413","targetHints":{"allow":["GET"]}}],"collection":[{"href":"https:\/\/lestouches-france.com\/en\/wp-json\/wp\/v2\/pages"}],"about":[{"href":"https:\/\/lestouches-france.com\/en\/wp-json\/wp\/v2\/types\/page"}],"author":[{"embeddable":true,"href":"https:\/\/lestouches-france.com\/en\/wp-json\/wp\/v2\/users\/2"}],"replies":[{"embeddable":true,"href":"https:\/\/lestouches-france.com\/en\/wp-json\/wp\/v2\/comments?post=1413"}],"version-history":[{"count":10,"href":"https:\/\/lestouches-france.com\/en\/wp-json\/wp\/v2\/pages\/1413\/revisions"}],"predecessor-version":[{"id":1513,"href":"https:\/\/lestouches-france.com\/en\/wp-json\/wp\/v2\/pages\/1413\/revisions\/1513"}],"wp:attachment":[{"href":"https:\/\/lestouches-france.com\/en\/wp-json\/wp\/v2\/media?parent=1413"}],"curies":[{"name":"wp","href":"https:\/\/api.w.org\/{rel}","templated":true}]}}