{"id":1456,"date":"2026-01-10T12:53:12","date_gmt":"2026-01-10T11:53:12","guid":{"rendered":"https:\/\/lestouches-france.com\/?page_id=1456"},"modified":"2026-03-23T08:36:46","modified_gmt":"2026-03-23T07:36:46","slug":"golden","status":"publish","type":"page","link":"https:\/\/lestouches-france.com\/en\/chambres\/golden\/","title":{"rendered":"Golden"},"content":{"rendered":"<div data-elementor-type=\"wp-page\" data-elementor-id=\"1456\" class=\"elementor elementor-1456\" data-elementor-post-type=\"page\">\n\t\t\t\t<div class=\"elementor-element elementor-element-7ce5224e e-con-full e-flex e-con e-parent\" data-id=\"7ce5224e\" data-element_type=\"container\" data-e-type=\"container\" data-settings=\"{&quot;background_background&quot;:&quot;classic&quot;}\">\n\t\t\t\t<div class=\"elementor-element elementor-element-50025881 elementor-widget elementor-widget-text-editor\" data-id=\"50025881\" data-element_type=\"widget\" data-e-type=\"widget\" data-widget_type=\"text-editor.default\">\n\t\t\t\t<div class=\"elementor-widget-container\">\n\t\t\t\t\t\t\t\t\t<p>Golden Room<\/p>\t\t\t\t\t\t\t\t<\/div>\n\t\t\t\t<\/div>\n\t\t\t\t<div class=\"elementor-element elementor-element-18b73675 elementor-widget elementor-widget-text-editor\" data-id=\"18b73675\" data-element_type=\"widget\" data-e-type=\"widget\" data-widget_type=\"text-editor.default\">\n\t\t\t\t<div class=\"elementor-widget-container\">\n\t\t\t\t\t\t\t\t\t<p>15 m\u00b2 guest room with private bathroom, offering uninterrupted views over the vineyards and superb sunsets in the evening.<\/p>\t\t\t\t\t\t\t\t<\/div>\n\t\t\t\t<\/div>\n\t\t\t\t<\/div>\n\t\t<div class=\"elementor-element elementor-element-4f2697a1 e-con-full e-flex e-con e-parent\" data-id=\"4f2697a1\" data-element_type=\"container\" data-e-type=\"container\">\n\t\t<div class=\"elementor-element elementor-element-5aa41664 e-con-full e-flex e-con e-child\" data-id=\"5aa41664\" data-element_type=\"container\" data-e-type=\"container\">\n\t\t\t\t<div class=\"elementor-element elementor-element-5d769b69 elementor-widget elementor-widget-heading\" data-id=\"5d769b69\" data-element_type=\"widget\" data-e-type=\"widget\" data-widget_type=\"heading.default\">\n\t\t\t\t<div class=\"elementor-widget-container\">\n\t\t\t\t\t<h2 class=\"elementor-heading-title elementor-size-default\">Description<\/h2>\t\t\t\t<\/div>\n\t\t\t\t<\/div>\n\t\t\t\t<div class=\"elementor-element elementor-element-7a1f402f elementor-widget elementor-widget-text-editor\" data-id=\"7a1f402f\" data-element_type=\"widget\" data-e-type=\"widget\" data-widget_type=\"text-editor.default\">\n\t\t\t\t<div class=\"elementor-widget-container\">\n\t\t\t\t\t\t\t\t\t<p>La Chambre Golden is an intimate, bright 15 m\u00b2 guest room, ideal for a peaceful stay in the heart of the Anjou countryside.<\/p><p>It has a private bathroom and uninterrupted views over the surrounding countryside, with magnificent sunsets at the end of the day, bathing the room in a golden light that is true to its name.<\/p><p>Designed as a real cocoon, the room features a comfortable double bed, elegant and warm decor, and functional and meticulous furnishings, inviting you to relax and unwind.<\/p><p>Guests enjoy access to the outdoor areas, the manor's gardens and the estate's facilities, in a calm and friendly atmosphere.<\/p><p>The Golden Room is perfect for couples looking for a quiet stay combining simplicity, comfort and charm, in a house full of character.<\/p><p>Bed and breakfast stays are available from September to June, with bookings for a minimum stay of one night, subject to availability.<\/p><p><strong>At present, our rooms are not suitable for people with reduced mobility.<\/strong><\/p>\t\t\t\t\t\t\t\t<\/div>\n\t\t\t\t<\/div>\n\t\t\t\t<div class=\"elementor-element elementor-element-17cc687e elementor-widget elementor-widget-button\" data-id=\"17cc687e\" data-element_type=\"widget\" data-e-type=\"widget\" data-widget_type=\"button.default\">\n\t\t\t\t<div class=\"elementor-widget-container\">\n\t\t\t\t\t\t\t\t\t<div class=\"elementor-button-wrapper\">\n\t\t\t\t\t<a class=\"elementor-button elementor-button-link elementor-size-sm\" href=\"https:\/\/reservation.lestouches-france.com\/p\/france\/maine-et-loire\/concourson-sur-layon\/manoir-les-touches-bb\/manoirlestouchesb49700?radius=15&#038;radiusunit=miles&#038;lc=false&#038;sortkey=recommended&#038;sortorder=desc&#038;hli=false&#038;adults1=2&#038;children1=0&#038;viewtype=1&#038;_=1774251338915\" target=\"_blank\">\n\t\t\t\t\t\t<span class=\"elementor-button-content-wrapper\">\n\t\t\t\t\t\t<span class=\"elementor-button-icon\">\n\t\t\t\t<svg aria-hidden=\"true\" class=\"e-font-icon-svg e-fas-long-arrow-alt-right\" viewbox=\"0 0 448 512\" xmlns=\"http:\/\/www.w3.org\/2000\/svg\"><path d=\"M313.941 216H12c-6.627 0-12 5.373-12 12v56c0 6.627 5.373 12 12 12h301.941v46.059c0 21.382 25.851 32.09 40.971 16.971l86.059-86.059c9.373-9.373 9.373-24.569 0-33.941l-86.059-86.059c-15.119-15.119-40.971-4.411-40.971 16.971V216z\"><\/path><\/svg>\t\t\t<\/span>\n\t\t\t\t\t\t\t\t\t<span class=\"elementor-button-text\">Book now<\/span>\n\t\t\t\t\t<\/span>\n\t\t\t\t\t<\/a>\n\t\t\t\t<\/div>\n\t\t\t\t\t\t\t\t<\/div>\n\t\t\t\t<\/div>\n\t\t\t\t<\/div>\n\t\t<div class=\"elementor-element elementor-element-51302182 e-con-full e-flex e-con e-child\" data-id=\"51302182\" data-element_type=\"container\" data-e-type=\"container\">\n\t\t\t\t<div class=\"elementor-element elementor-element-19f955b1 elementor-widget elementor-widget-heading\" data-id=\"19f955b1\" data-element_type=\"widget\" data-e-type=\"widget\" data-widget_type=\"heading.default\">\n\t\t\t\t<div class=\"elementor-widget-container\">\n\t\t\t\t\t<h2 class=\"elementor-heading-title elementor-size-default\">Equipment <\/h2>\t\t\t\t<\/div>\n\t\t\t\t<\/div>\n\t\t\t\t<div class=\"elementor-element elementor-element-3a078aa1 elementor-widget elementor-widget-text-editor\" data-id=\"3a078aa1\" data-element_type=\"widget\" data-e-type=\"widget\" data-widget_type=\"text-editor.default\">\n\t\t\t\t<div class=\"elementor-widget-container\">\n\t\t\t\t\t\t\t\t\t<ul><li>Wifi<\/li><li>Kettle\u00a0<\/li><li>Nespresso capsule coffee maker<\/li><li>LED television<\/li><li>Hair dryer<\/li><li>Towel dryer<\/li><li>Bath linen<\/li><li>Safe<\/li><li>Baby equipment available free of charge (folding bed, high chair)<\/li><\/ul>\t\t\t\t\t\t\t\t<\/div>\n\t\t\t\t<\/div>\n\t\t\t\t<div class=\"elementor-element elementor-element-232d8bcd elementor-widget elementor-widget-heading\" data-id=\"232d8bcd\" data-element_type=\"widget\" data-e-type=\"widget\" data-widget_type=\"heading.default\">\n\t\t\t\t<div class=\"elementor-widget-container\">\n\t\t\t\t\t<h2 class=\"elementor-heading-title elementor-size-default\">Services included<\/h2>\t\t\t\t<\/div>\n\t\t\t\t<\/div>\n\t\t\t\t<div class=\"elementor-element elementor-element-19e400ad elementor-widget elementor-widget-text-editor\" data-id=\"19e400ad\" data-element_type=\"widget\" data-e-type=\"widget\" data-widget_type=\"text-editor.default\">\n\t\t\t\t<div class=\"elementor-widget-container\">\n\t\t\t\t\t\t\t\t\t<ul><li>Sheets and towels<\/li><li>Electricity and water<\/li><li>Wifi<\/li><li>Cleaning<\/li><\/ul>\t\t\t\t\t\t\t\t<\/div>\n\t\t\t\t<\/div>\n\t\t\t\t<\/div>\n\t\t\t\t<\/div>\n\t\t<div class=\"elementor-element elementor-element-740a60c3 e-con-full e-flex e-con e-parent\" data-id=\"740a60c3\" data-element_type=\"container\" data-e-type=\"container\">\n\t\t<div class=\"elementor-element elementor-element-481e0833 e-con-full e-flex e-con e-child\" data-id=\"481e0833\" data-element_type=\"container\" data-e-type=\"container\">\n\t\t\t\t<div class=\"elementor-element elementor-element-53602ea1 elementor-widget elementor-widget-heading\" data-id=\"53602ea1\" data-element_type=\"widget\" data-e-type=\"widget\" data-widget_type=\"heading.default\">\n\t\t\t\t<div class=\"elementor-widget-container\">\n\t\t\t\t\t<h2 class=\"elementor-heading-title elementor-size-default\">Breakfast<\/h2>\t\t\t\t<\/div>\n\t\t\t\t<\/div>\n\t\t\t\t<div class=\"elementor-element elementor-element-6a905378 elementor-widget elementor-widget-text-editor\" data-id=\"6a905378\" data-element_type=\"widget\" data-e-type=\"widget\" data-widget_type=\"text-editor.default\">\n\t\t\t\t<div class=\"elementor-widget-container\">\n\t\t\t\t\t\t\t\t\t<p>Breakfast is served between 8.30am and 10am, either in the dining room or, in fine weather, on the veranda or terrace, to make the most of sunny days, depending on your preferences and the weather conditions.<\/p>\t\t\t\t\t\t\t\t<\/div>\n\t\t\t\t<\/div>\n\t\t\t\t<\/div>\n\t\t<div class=\"elementor-element elementor-element-6932fc7 e-con-full e-flex e-con e-child\" data-id=\"6932fc7\" data-element_type=\"container\" data-e-type=\"container\">\n\t\t\t\t<div class=\"elementor-element elementor-element-7f4833fc elementor-widget elementor-widget-heading\" data-id=\"7f4833fc\" data-element_type=\"widget\" data-e-type=\"widget\" data-widget_type=\"heading.default\">\n\t\t\t\t<div class=\"elementor-widget-container\">\n\t\t\t\t\t<h2 class=\"elementor-heading-title elementor-size-default\">Input and output instructions<\/h2>\t\t\t\t<\/div>\n\t\t\t\t<\/div>\n\t\t\t\t<div class=\"elementor-element elementor-element-2c9cc696 elementor-widget elementor-widget-text-editor\" data-id=\"2c9cc696\" data-element_type=\"widget\" data-e-type=\"widget\" data-widget_type=\"text-editor.default\">\n\t\t\t\t<div class=\"elementor-widget-container\">\n\t\t\t\t\t\t\t\t\t<p>Arrivals are from 4pm and departures no later than 11am.<br \/>In the event of late arrival, please call 07 63 42 31 12.<\/p><p>Meal service - late arrivals<br \/>For late arrivals, meal trays are available by prior arrangement only.<\/p><p>Bed and breakfast stays are available from September to June, and bookings are for a minimum stay of one night, subject to availability.<\/p>\t\t\t\t\t\t\t\t<\/div>\n\t\t\t\t<\/div>\n\t\t\t\t<\/div>\n\t\t\t\t<\/div>\n\t\t<div class=\"elementor-element elementor-element-420f8aa2 e-con-full e-flex e-con e-parent\" data-id=\"420f8aa2\" data-element_type=\"container\" data-e-type=\"container\">\n\t\t\t\t<div class=\"elementor-element elementor-element-36408de4 elementor-skin-carousel elementor-arrows-yes elementor-pagination-type-bullets elementor-pagination-position-outside elementor-widget elementor-widget-media-carousel\" data-id=\"36408de4\" data-element_type=\"widget\" data-e-type=\"widget\" data-settings=\"{&quot;skin&quot;:&quot;carousel&quot;,&quot;effect&quot;:&quot;slide&quot;,&quot;show_arrows&quot;:&quot;yes&quot;,&quot;pagination&quot;:&quot;bullets&quot;,&quot;speed&quot;:500,&quot;autoplay&quot;:&quot;yes&quot;,&quot;autoplay_speed&quot;:5000,&quot;loop&quot;:&quot;yes&quot;,&quot;pause_on_hover&quot;:&quot;yes&quot;,&quot;pause_on_interaction&quot;:&quot;yes&quot;,&quot;space_between&quot;:{&quot;unit&quot;:&quot;px&quot;,&quot;size&quot;:10,&quot;sizes&quot;:[]},&quot;space_between_tablet&quot;:{&quot;unit&quot;:&quot;px&quot;,&quot;size&quot;:10,&quot;sizes&quot;:[]},&quot;space_between_mobile&quot;:{&quot;unit&quot;:&quot;px&quot;,&quot;size&quot;:10,&quot;sizes&quot;:[]}}\" data-widget_type=\"media-carousel.default\">\n\t\t\t\t<div class=\"elementor-widget-container\">\n\t\t\t\t\t\t\t\t\t<div class=\"elementor-swiper\">\n\t\t\t\t\t<div class=\"elementor-main-swiper swiper\" role=\"region\" aria-roledescription=\"carousel\" aria-label=\"Chenin\">\n\t\t\t\t<div class=\"swiper-wrapper\">\n\t\t\t\t\t\t\t\t\t\t\t<div class=\"swiper-slide\" role=\"group\" aria-roledescription=\"slide\">\n\t\t\t\t\t\t\t\t\t<div class=\"elementor-carousel-image\" role=\"img\" aria-label=\"2025-09-15 19-35-36\" style=\"background-image: url(&#039;https:\/\/i0.wp.com\/lestouches-france.com\/wp-content\/uploads\/2026\/01\/2025-09-15-19-35-36-1-scaled.jpeg?fit=1920%2C2560&amp;ssl=1&#039;)\">\n\n\t\t\t\n\t\t\t\t\t<\/div>\n\t\t\t\t\t\t\t\t<\/div>\n\t\t\t\t\t\t\t\t\t\t\t<div class=\"swiper-slide\" role=\"group\" aria-roledescription=\"slide\">\n\t\t\t\t\t\t\t\t\t<div class=\"elementor-carousel-image\" role=\"img\" aria-label=\"2025-09-15 20-33-39\" style=\"background-image: url(&#039;https:\/\/i0.wp.com\/lestouches-france.com\/wp-content\/uploads\/2026\/01\/2025-09-15-20-33-39-scaled.jpeg?fit=1920%2C2560&amp;ssl=1&#039;)\">\n\n\t\t\t\n\t\t\t\t\t<\/div>\n\t\t\t\t\t\t\t\t<\/div>\n\t\t\t\t\t\t\t\t\t\t\t<div class=\"swiper-slide\" role=\"group\" aria-roledescription=\"slide\">\n\t\t\t\t\t\t\t\t\t<div class=\"elementor-carousel-image\" role=\"img\" aria-label=\"2024-09-05 11-49-53\" style=\"background-image: url(&#039;https:\/\/i0.wp.com\/lestouches-france.com\/wp-content\/uploads\/2026\/01\/2024-09-05-11-49-53-scaled.jpeg?fit=2560%2C1920&amp;ssl=1&#039;)\">\n\n\t\t\t\n\t\t\t\t\t<\/div>\n\t\t\t\t\t\t\t\t<\/div>\n\t\t\t\t\t\t\t\t\t\t\t<div class=\"swiper-slide\" role=\"group\" aria-roledescription=\"slide\">\n\t\t\t\t\t\t\t\t\t<div class=\"elementor-carousel-image\" role=\"img\" aria-label=\"thumbnail_IMG_8424\" style=\"background-image: url(&#039;https:\/\/i0.wp.com\/lestouches-france.com\/wp-content\/uploads\/2026\/01\/thumbnail_IMG_8424.jpg?fit=481%2C640&amp;ssl=1&#039;)\">\n\n\t\t\t\n\t\t\t\t\t<\/div>\n\t\t\t\t\t\t\t\t<\/div>\n\t\t\t\t\t\t\t\t\t\t\t<div class=\"swiper-slide\" role=\"group\" aria-roledescription=\"slide\">\n\t\t\t\t\t\t\t\t\t<div class=\"elementor-carousel-image\" role=\"img\" aria-label=\"Anjou_2024 (25)\" style=\"background-image: url(&#039;https:\/\/i0.wp.com\/lestouches-france.com\/wp-content\/uploads\/2026\/01\/Anjou_2024-25.jpg?fit=1500%2C959&amp;ssl=1&#039;)\">\n\n\t\t\t\n\t\t\t\t\t<\/div>\n\t\t\t\t\t\t\t\t<\/div>\n\t\t\t\t\t\t\t\t\t\t\t<div class=\"swiper-slide\" role=\"group\" aria-roledescription=\"slide\">\n\t\t\t\t\t\t\t\t\t<div class=\"elementor-carousel-image\" role=\"img\" aria-label=\"Anjou_2024 (3)\" style=\"background-image: url(&#039;https:\/\/i0.wp.com\/lestouches-france.com\/wp-content\/uploads\/2026\/01\/Anjou_2024-3.jpg?fit=1500%2C1132&amp;ssl=1&#039;)\">\n\n\t\t\t\n\t\t\t\t\t<\/div>\n\t\t\t\t\t\t\t\t<\/div>\n\t\t\t\t\t\t\t\t\t\t\t<div class=\"swiper-slide\" role=\"group\" aria-roledescription=\"slide\">\n\t\t\t\t\t\t\t\t\t<div class=\"elementor-carousel-image\" role=\"img\" aria-label=\"Anjou_2024 (23)\" style=\"background-image: url(&#039;https:\/\/i0.wp.com\/lestouches-france.com\/wp-content\/uploads\/2026\/01\/Anjou_2024-23-1.jpg?fit=1500%2C1000&amp;ssl=1&#039;)\">\n\n\t\t\t\n\t\t\t\t\t<\/div>\n\t\t\t\t\t\t\t\t<\/div>\n\t\t\t\t\t\t\t\t\t\t\t<div class=\"swiper-slide\" role=\"group\" aria-roledescription=\"slide\">\n\t\t\t\t\t\t\t\t\t<div class=\"elementor-carousel-image\" role=\"img\" aria-label=\"Anjou_2024 (24)\" style=\"background-image: url(&#039;https:\/\/i0.wp.com\/lestouches-france.com\/wp-content\/uploads\/2026\/01\/Anjou_2024-24-1.jpg?fit=1500%2C1000&amp;ssl=1&#039;)\">\n\n\t\t\t\n\t\t\t\t\t<\/div>\n\t\t\t\t\t\t\t\t<\/div>\n\t\t\t\t\t\t\t\t\t\t\t<div class=\"swiper-slide\" role=\"group\" aria-roledescription=\"slide\">\n\t\t\t\t\t\t\t\t\t<div class=\"elementor-carousel-image\" role=\"img\" aria-label=\"2025-09-15 17-34-09\" style=\"background-image: url(&#039;https:\/\/i0.wp.com\/lestouches-france.com\/wp-content\/uploads\/2026\/01\/2025-09-15-17-34-09-1-scaled.jpeg?fit=1920%2C2560&amp;ssl=1&#039;)\">\n\n\t\t\t\n\t\t\t\t\t<\/div>\n\t\t\t\t\t\t\t\t<\/div>\n\t\t\t\t\t\t\t\t\t\t\t<div class=\"swiper-slide\" role=\"group\" aria-roledescription=\"slide\">\n\t\t\t\t\t\t\t\t\t<div class=\"elementor-carousel-image\" role=\"img\" aria-label=\"thumbnail_IMG_8449\" style=\"background-image: url(&#039;https:\/\/i0.wp.com\/lestouches-france.com\/wp-content\/uploads\/2026\/01\/thumbnail_IMG_8449.jpg?fit=481%2C640&amp;ssl=1&#039;)\">\n\n\t\t\t\n\t\t\t\t\t<\/div>\n\t\t\t\t\t\t\t\t<\/div>\n\t\t\t\t\t\t\t\t\t\t\t<div class=\"swiper-slide\" role=\"group\" aria-roledescription=\"slide\">\n\t\t\t\t\t\t\t\t\t<div class=\"elementor-carousel-image\" role=\"img\" aria-label=\"thumbnail_IMG_8377\" style=\"background-image: url(&#039;https:\/\/i0.wp.com\/lestouches-france.com\/wp-content\/uploads\/2026\/01\/thumbnail_IMG_8377.jpg?fit=481%2C640&amp;ssl=1&#039;)\">\n\n\t\t\t\n\t\t\t\t\t<\/div>\n\t\t\t\t\t\t\t\t<\/div>\n\t\t\t\t\t\t\t\t\t\t\t<div class=\"swiper-slide\" role=\"group\" aria-roledescription=\"slide\">\n\t\t\t\t\t\t\t\t\t<div class=\"elementor-carousel-image\" role=\"img\" aria-label=\"2024-08-20 18-55-13\" style=\"background-image: url(&#039;https:\/\/i0.wp.com\/lestouches-france.com\/wp-content\/uploads\/2026\/01\/2024-08-20-18-55-13-scaled.jpeg?fit=1920%2C2560&amp;ssl=1&#039;)\">\n\n\t\t\t\n\t\t\t\t\t<\/div>\n\t\t\t\t\t\t\t\t<\/div>\n\t\t\t\t\t\t\t\t\t<\/div>\n\t\t\t\t\t\t\t\t\t\t\t\t\t\t\t<div class=\"elementor-swiper-button elementor-swiper-button-prev\" role=\"button\" tabindex=\"0\" aria-label=\"Previous\">\n\t\t\t\t\t\t\t<svg aria-hidden=\"true\" class=\"e-font-icon-svg e-eicon-chevron-left\" viewbox=\"0 0 1000 1000\" xmlns=\"http:\/\/www.w3.org\/2000\/svg\"><path d=\"M646 125C629 125 613 133 604 142L308 442C296 454 292 471 292 487 292 504 296 521 308 533L604 854C617 867 629 875 646 875 663 875 679 871 692 858 704 846 713 829 713 812 713 796 708 779 692 767L438 487 692 225C700 217 708 204 708 187 708 171 704 154 692 142 675 129 663 125 646 125Z\"><\/path><\/svg>\t\t\t\t\t\t<\/div>\n\t\t\t\t\t\t<div class=\"elementor-swiper-button elementor-swiper-button-next\" role=\"button\" tabindex=\"0\" aria-label=\"Next\">\n\t\t\t\t\t\t\t<svg aria-hidden=\"true\" class=\"e-font-icon-svg e-eicon-chevron-right\" viewbox=\"0 0 1000 1000\" xmlns=\"http:\/\/www.w3.org\/2000\/svg\"><path d=\"M696 533C708 521 713 504 713 487 713 471 708 454 696 446L400 146C388 133 375 125 354 125 338 125 325 129 313 142 300 154 292 171 292 187 292 204 296 221 308 233L563 492 304 771C292 783 288 800 288 817 288 833 296 850 308 863 321 871 338 875 354 875 371 875 388 867 400 854L696 533Z\"><\/path><\/svg>\t\t\t\t\t\t<\/div>\n\t\t\t\t\t\t\t\t\t\t\t\t\t\t\t\t<div class=\"swiper-pagination\"><\/div>\n\t\t\t\t\t\t\t\t\t\t\t\t<\/div>\n\t\t\t\t<\/div>\n\t\t\t\t\t\t\t\t<\/div>\n\t\t\t\t<\/div>\n\t\t\t\t<\/div>\n\t\t<div class=\"elementor-element elementor-element-23b26b03 e-con-full e-transform e-flex e-con e-parent\" data-id=\"23b26b03\" data-element_type=\"container\" data-e-type=\"container\" data-settings=\"{&quot;background_background&quot;:&quot;classic&quot;,&quot;_transform_scale_effect_hover&quot;:{&quot;unit&quot;:&quot;px&quot;,&quot;size&quot;:1.1,&quot;sizes&quot;:[]},&quot;_transform_scale_effect_hover_tablet&quot;:{&quot;unit&quot;:&quot;px&quot;,&quot;size&quot;:&quot;&quot;,&quot;sizes&quot;:[]},&quot;_transform_scale_effect_hover_mobile&quot;:{&quot;unit&quot;:&quot;px&quot;,&quot;size&quot;:&quot;&quot;,&quot;sizes&quot;:[]}}\">\n\t\t\t\t<div class=\"elementor-element elementor-element-5ff5c89e elementor-widget elementor-widget-text-editor\" data-id=\"5ff5c89e\" data-element_type=\"widget\" data-e-type=\"widget\" data-widget_type=\"text-editor.default\">\n\t\t\t\t<div class=\"elementor-widget-container\">\n\t\t\t\t\t\t\t\t\t<p style=\"text-align: center;\"><a href=\"https:\/\/lestouches-france.com\/en\/rooms\/the-tower\/\"><span style=\"color: #ffffff;\">La Chambre De La Tour<\/span><\/a><\/p>\t\t\t\t\t\t\t\t<\/div>\n\t\t\t\t<\/div>\n\t\t\t\t<\/div>\n\t\t\t\t<\/div>","protected":false},"excerpt":{"rendered":"<p>Chambre Golden Chambre d\u2019h\u00f4tes de 15 m\u00b2, avec salle de bain privative, offrant une vue d\u00e9gag\u00e9e sur la vigne et de superbes couchers de soleil en soir\u00e9e. Description La Chambre Golden est une chambre d\u2019h\u00f4tes intime et lumineuse de 15 m\u00b2, id\u00e9ale pour un s\u00e9jour paisible au c\u0153ur de la campagne angevine. Elle offre une [&hellip;]<\/p>\n","protected":false},"author":2,"featured_media":0,"parent":1413,"menu_order":0,"comment_status":"closed","ping_status":"closed","template":"","meta":{"content-type":"","footnotes":""},"class_list":["post-1456","page","type-page","status-publish","hentry"],"yoast_head":"<!-- This site is optimized with the Yoast SEO Premium plugin v27.1 (Yoast SEO v27.5) - https:\/\/yoast.com\/product\/yoast-seo-premium-wordpress\/ -->\n<title>Golden - Les Touches<\/title>\n<meta name=\"robots\" content=\"index, follow, max-snippet:-1, max-image-preview:large, max-video-preview:-1\" \/>\n<link rel=\"canonical\" href=\"https:\/\/lestouches-france.com\/en\/rooms\/golden\/\" \/>\n<meta property=\"og:locale\" content=\"en_GB\" \/>\n<meta property=\"og:type\" content=\"article\" \/>\n<meta property=\"og:title\" content=\"Golden\" \/>\n<meta property=\"og:description\" content=\"Chambre Golden Chambre d\u2019h\u00f4tes de 15 m\u00b2, avec salle de bain privative, offrant une vue d\u00e9gag\u00e9e sur la vigne et de superbes couchers de soleil en soir\u00e9e. Description La Chambre Golden est une chambre d\u2019h\u00f4tes intime et lumineuse de 15 m\u00b2, id\u00e9ale pour un s\u00e9jour paisible au c\u0153ur de la campagne angevine. Elle offre une [&hellip;]\" \/>\n<meta property=\"og:url\" content=\"https:\/\/lestouches-france.com\/en\/rooms\/golden\/\" \/>\n<meta property=\"og:site_name\" content=\"Les Touches\" \/>\n<meta property=\"article:modified_time\" content=\"2026-03-23T07:36:46+00:00\" \/>\n<meta name=\"twitter:card\" content=\"summary_large_image\" \/>\n<meta name=\"twitter:label1\" content=\"Estimated reading time\" \/>\n\t<meta name=\"twitter:data1\" content=\"2 minutes\" \/>\n<script type=\"application\/ld+json\" class=\"yoast-schema-graph\">{\"@context\":\"https:\\\/\\\/schema.org\",\"@graph\":[{\"@type\":\"WebPage\",\"@id\":\"https:\\\/\\\/lestouches-france.com\\\/chambres\\\/golden\\\/\",\"url\":\"https:\\\/\\\/lestouches-france.com\\\/chambres\\\/golden\\\/\",\"name\":\"Golden - Les Touches\",\"isPartOf\":{\"@id\":\"https:\\\/\\\/lestouches-france.com\\\/#website\"},\"datePublished\":\"2026-01-10T11:53:12+00:00\",\"dateModified\":\"2026-03-23T07:36:46+00:00\",\"breadcrumb\":{\"@id\":\"https:\\\/\\\/lestouches-france.com\\\/chambres\\\/golden\\\/#breadcrumb\"},\"inLanguage\":\"en-GB\",\"potentialAction\":[{\"@type\":\"ReadAction\",\"target\":[\"https:\\\/\\\/lestouches-france.com\\\/chambres\\\/golden\\\/\"]}]},{\"@type\":\"BreadcrumbList\",\"@id\":\"https:\\\/\\\/lestouches-france.com\\\/chambres\\\/golden\\\/#breadcrumb\",\"itemListElement\":[{\"@type\":\"ListItem\",\"position\":1,\"name\":\"Home\",\"item\":\"https:\\\/\\\/lestouches-france.com\\\/\"},{\"@type\":\"ListItem\",\"position\":2,\"name\":\"Chambres\",\"item\":\"https:\\\/\\\/lestouches-france.com\\\/chambres\\\/\"},{\"@type\":\"ListItem\",\"position\":3,\"name\":\"Golden\"}]},{\"@type\":\"WebSite\",\"@id\":\"https:\\\/\\\/lestouches-france.com\\\/#website\",\"url\":\"https:\\\/\\\/lestouches-france.com\\\/\",\"name\":\"Les Touches\",\"description\":\"Holiday Homes in The Loire Valley\",\"publisher\":{\"@id\":\"https:\\\/\\\/lestouches-france.com\\\/#organization\"},\"potentialAction\":[{\"@type\":\"SearchAction\",\"target\":{\"@type\":\"EntryPoint\",\"urlTemplate\":\"https:\\\/\\\/lestouches-france.com\\\/?s={search_term_string}\"},\"query-input\":{\"@type\":\"PropertyValueSpecification\",\"valueRequired\":true,\"valueName\":\"search_term_string\"}}],\"inLanguage\":\"en-GB\"},{\"@type\":\"Organization\",\"@id\":\"https:\\\/\\\/lestouches-france.com\\\/#organization\",\"name\":\"Les Touches\",\"url\":\"https:\\\/\\\/lestouches-france.com\\\/\",\"logo\":{\"@type\":\"ImageObject\",\"inLanguage\":\"en-GB\",\"@id\":\"https:\\\/\\\/lestouches-france.com\\\/#\\\/schema\\\/logo\\\/image\\\/\",\"url\":\"https:\\\/\\\/i0.wp.com\\\/lestouches-france.com\\\/wp-content\\\/uploads\\\/2020\\\/08\\\/cropped-12191645_1513828312264543_4617545546530602927_n.png?fit=300%2C259&ssl=1\",\"contentUrl\":\"https:\\\/\\\/i0.wp.com\\\/lestouches-france.com\\\/wp-content\\\/uploads\\\/2020\\\/08\\\/cropped-12191645_1513828312264543_4617545546530602927_n.png?fit=300%2C259&ssl=1\",\"width\":300,\"height\":259,\"caption\":\"Les Touches\"},\"image\":{\"@id\":\"https:\\\/\\\/lestouches-france.com\\\/#\\\/schema\\\/logo\\\/image\\\/\"}}]}<\/script>\n<!-- \/ Yoast SEO Premium plugin. -->","yoast_head_json":{"title":"Golden - Les Touches","robots":{"index":"index","follow":"follow","max-snippet":"max-snippet:-1","max-image-preview":"max-image-preview:large","max-video-preview":"max-video-preview:-1"},"canonical":"https:\/\/lestouches-france.com\/en\/rooms\/golden\/","og_locale":"en_GB","og_type":"article","og_title":"Golden","og_description":"Chambre Golden Chambre d\u2019h\u00f4tes de 15 m\u00b2, avec salle de bain privative, offrant une vue d\u00e9gag\u00e9e sur la vigne et de superbes couchers de soleil en soir\u00e9e. Description La Chambre Golden est une chambre d\u2019h\u00f4tes intime et lumineuse de 15 m\u00b2, id\u00e9ale pour un s\u00e9jour paisible au c\u0153ur de la campagne angevine. Elle offre une [&hellip;]","og_url":"https:\/\/lestouches-france.com\/en\/rooms\/golden\/","og_site_name":"Les Touches","article_modified_time":"2026-03-23T07:36:46+00:00","twitter_card":"summary_large_image","twitter_misc":{"Estimated reading time":"2 minutes"},"schema":{"@context":"https:\/\/schema.org","@graph":[{"@type":"WebPage","@id":"https:\/\/lestouches-france.com\/chambres\/golden\/","url":"https:\/\/lestouches-france.com\/chambres\/golden\/","name":"Golden - Les Touches","isPartOf":{"@id":"https:\/\/lestouches-france.com\/#website"},"datePublished":"2026-01-10T11:53:12+00:00","dateModified":"2026-03-23T07:36:46+00:00","breadcrumb":{"@id":"https:\/\/lestouches-france.com\/chambres\/golden\/#breadcrumb"},"inLanguage":"en-GB","potentialAction":[{"@type":"ReadAction","target":["https:\/\/lestouches-france.com\/chambres\/golden\/"]}]},{"@type":"BreadcrumbList","@id":"https:\/\/lestouches-france.com\/chambres\/golden\/#breadcrumb","itemListElement":[{"@type":"ListItem","position":1,"name":"Home","item":"https:\/\/lestouches-france.com\/"},{"@type":"ListItem","position":2,"name":"Chambres","item":"https:\/\/lestouches-france.com\/chambres\/"},{"@type":"ListItem","position":3,"name":"Golden"}]},{"@type":"WebSite","@id":"https:\/\/lestouches-france.com\/#website","url":"https:\/\/lestouches-france.com\/","name":"Les Touches","description":"Holiday Homes in The Loire Valley","publisher":{"@id":"https:\/\/lestouches-france.com\/#organization"},"potentialAction":[{"@type":"SearchAction","target":{"@type":"EntryPoint","urlTemplate":"https:\/\/lestouches-france.com\/?s={search_term_string}"},"query-input":{"@type":"PropertyValueSpecification","valueRequired":true,"valueName":"search_term_string"}}],"inLanguage":"en-GB"},{"@type":"Organization","@id":"https:\/\/lestouches-france.com\/#organization","name":"Les Touches","url":"https:\/\/lestouches-france.com\/","logo":{"@type":"ImageObject","inLanguage":"en-GB","@id":"https:\/\/lestouches-france.com\/#\/schema\/logo\/image\/","url":"https:\/\/i0.wp.com\/lestouches-france.com\/wp-content\/uploads\/2020\/08\/cropped-12191645_1513828312264543_4617545546530602927_n.png?fit=300%2C259&ssl=1","contentUrl":"https:\/\/i0.wp.com\/lestouches-france.com\/wp-content\/uploads\/2020\/08\/cropped-12191645_1513828312264543_4617545546530602927_n.png?fit=300%2C259&ssl=1","width":300,"height":259,"caption":"Les Touches"},"image":{"@id":"https:\/\/lestouches-france.com\/#\/schema\/logo\/image\/"}}]}},"jetpack_sharing_enabled":true,"_links":{"self":[{"href":"https:\/\/lestouches-france.com\/en\/wp-json\/wp\/v2\/pages\/1456","targetHints":{"allow":["GET"]}}],"collection":[{"href":"https:\/\/lestouches-france.com\/en\/wp-json\/wp\/v2\/pages"}],"about":[{"href":"https:\/\/lestouches-france.com\/en\/wp-json\/wp\/v2\/types\/page"}],"author":[{"embeddable":true,"href":"https:\/\/lestouches-france.com\/en\/wp-json\/wp\/v2\/users\/2"}],"replies":[{"embeddable":true,"href":"https:\/\/lestouches-france.com\/en\/wp-json\/wp\/v2\/comments?post=1456"}],"version-history":[{"count":16,"href":"https:\/\/lestouches-france.com\/en\/wp-json\/wp\/v2\/pages\/1456\/revisions"}],"predecessor-version":[{"id":1563,"href":"https:\/\/lestouches-france.com\/en\/wp-json\/wp\/v2\/pages\/1456\/revisions\/1563"}],"up":[{"embeddable":true,"href":"https:\/\/lestouches-france.com\/en\/wp-json\/wp\/v2\/pages\/1413"}],"wp:attachment":[{"href":"https:\/\/lestouches-france.com\/en\/wp-json\/wp\/v2\/media?parent=1456"}],"curies":[{"name":"wp","href":"https:\/\/api.w.org\/{rel}","templated":true}]}}