{"id":1479,"date":"2026-01-11T21:04:14","date_gmt":"2026-01-11T20:04:14","guid":{"rendered":"https:\/\/lestouches-france.com\/?page_id=1479"},"modified":"2026-03-23T09:06:27","modified_gmt":"2026-03-23T08:06:27","slug":"accommodation","status":"publish","type":"page","link":"https:\/\/lestouches-france.com\/en\/hebergements\/","title":{"rendered":"Our accommodation"},"content":{"rendered":"\t\t<div data-elementor-type=\"wp-page\" data-elementor-id=\"1479\" class=\"elementor elementor-1479\" data-elementor-post-type=\"page\">\n\t\t\t\t\t\t<section class=\"elementor-section elementor-top-section elementor-element elementor-element-444f6463 elementor-section-full_width elementor-section-height-min-height elementor-section-height-default elementor-section-items-middle\" data-id=\"444f6463\" data-element_type=\"section\" data-e-type=\"section\" data-settings=\"{&quot;background_background&quot;:&quot;classic&quot;,&quot;background_motion_fx_motion_fx_scrolling&quot;:&quot;yes&quot;,&quot;background_motion_fx_translateY_effect&quot;:&quot;yes&quot;,&quot;background_motion_fx_translateY_speed&quot;:{&quot;unit&quot;:&quot;px&quot;,&quot;size&quot;:4,&quot;sizes&quot;:[]},&quot;background_motion_fx_translateY_affectedRange&quot;:{&quot;unit&quot;:&quot;%&quot;,&quot;size&quot;:&quot;&quot;,&quot;sizes&quot;:{&quot;start&quot;:0,&quot;end&quot;:100}},&quot;background_motion_fx_devices&quot;:[&quot;desktop&quot;,&quot;tablet&quot;,&quot;mobile&quot;]}\">\n\t\t\t\t\t\t<div class=\"elementor-container elementor-column-gap-default\">\n\t\t\t\t\t<div class=\"elementor-column elementor-col-100 elementor-top-column elementor-element elementor-element-65829c5b\" data-id=\"65829c5b\" data-element_type=\"column\" data-e-type=\"column\">\n\t\t\t<div class=\"elementor-widget-wrap elementor-element-populated\">\n\t\t\t\t\t\t<div class=\"elementor-element elementor-element-79a6d7b elementor-widget elementor-widget-text-editor\" data-id=\"79a6d7b\" data-element_type=\"widget\" data-e-type=\"widget\" data-widget_type=\"text-editor.default\">\n\t\t\t\t<div class=\"elementor-widget-container\">\n\t\t\t\t\t\t\t\t\t<p>Chambres d\u2019h\u00f4tes &amp; G\u00eetes<\/p>\t\t\t\t\t\t\t\t<\/div>\n\t\t\t\t<\/div>\n\t\t\t\t\t<\/div>\n\t\t<\/div>\n\t\t\t\t\t<\/div>\n\t\t<\/section>\n\t\t<div class=\"elementor-element elementor-element-107eea68 e-con-full e-flex e-con e-parent\" data-id=\"107eea68\" data-element_type=\"container\" data-e-type=\"container\">\n\t\t\t\t<div class=\"elementor-element elementor-element-7fc9fb22 elementor-widget elementor-widget-text-editor\" data-id=\"7fc9fb22\" data-element_type=\"widget\" data-e-type=\"widget\" data-widget_type=\"text-editor.default\">\n\t\t\t\t<div class=\"elementor-widget-container\">\n\t\t\t\t\t\t\t\t\t<p style=\"text-align: left;\">Les Chambres<\/p>\t\t\t\t\t\t\t\t<\/div>\n\t\t\t\t<\/div>\n\t\t\t\t<\/div>\n\t\t<div class=\"elementor-element elementor-element-5ad142d5 e-flex e-con-boxed e-con e-parent\" data-id=\"5ad142d5\" data-element_type=\"container\" data-e-type=\"container\">\n\t\t\t\t\t<div class=\"e-con-inner\">\n\t\t<div class=\"elementor-element elementor-element-2ac1af71 e-grid e-con-full e-con e-child\" data-id=\"2ac1af71\" data-element_type=\"container\" data-e-type=\"container\">\n\t\t\t\t<div class=\"elementor-element elementor-element-622c2f71 elementor-cta--skin-classic elementor-animated-content elementor-bg-transform elementor-bg-transform-zoom-in elementor-widget elementor-widget-call-to-action\" data-id=\"622c2f71\" data-element_type=\"widget\" data-e-type=\"widget\" data-widget_type=\"call-to-action.default\">\n\t\t\t\t<div class=\"elementor-widget-container\">\n\t\t\t\t\t\t\t<a class=\"elementor-cta\" href=\"https:\/\/lestouches-france.com\/chambres\/golden\/\">\n\t\t\t\t\t<div class=\"elementor-cta__bg-wrapper\">\n\t\t\t\t<div class=\"elementor-cta__bg elementor-bg\" style=\"background-image: url(https:\/\/i0.wp.com\/lestouches-france.com\/wp-content\/uploads\/2026\/01\/2025-09-15-20-33-39-scaled.jpeg?fit=768%2C1024&#038;ssl=1);\" role=\"img\" aria-label=\"2025-09-15 20-33-39\"><\/div>\n\t\t\t\t<div class=\"elementor-cta__bg-overlay\"><\/div>\n\t\t\t<\/div>\n\t\t\t\t\t\t\t<div class=\"elementor-cta__content\">\n\t\t\t\t\n\t\t\t\t\t\t\t\t\t<h2 class=\"elementor-cta__title elementor-cta__content-item elementor-content-item\">\n\t\t\t\t\t\tGolden\t\t\t\t\t<\/h2>\n\t\t\t\t\n\t\t\t\t\t\t\t\t\t<div class=\"elementor-cta__description elementor-cta__content-item elementor-content-item\">\n\t\t\t\t\t\tUn g\u00eete de charme, lumineux et confortable, id\u00e9al pour un s\u00e9jour en couple ou en famille.\nChenin s\u00e9duit par son atmosph\u00e8re chaleureuse, ses espaces bien agenc\u00e9s et son acc\u00e8s direct aux jardins et aux \u00e9quipements du Manoir Les Touches.\t\t\t\t\t<\/div>\n\t\t\t\t\n\t\t\t\t\t\t\t\t\t<div class=\"elementor-cta__button-wrapper elementor-cta__content-item elementor-content-item \">\n\t\t\t\t\t<span class=\"elementor-cta__button elementor-button elementor-size-\">\n\t\t\t\t\t\t1-2 personnes\t\t\t\t\t<\/span>\n\t\t\t\t\t<\/div>\n\t\t\t\t\t\t\t<\/div>\n\t\t\t\t\t\t<\/a>\n\t\t\t\t\t\t<\/div>\n\t\t\t\t<\/div>\n\t\t\t\t<div class=\"elementor-element elementor-element-1b316487 elementor-cta--skin-classic elementor-animated-content elementor-bg-transform elementor-bg-transform-zoom-in elementor-widget elementor-widget-call-to-action\" data-id=\"1b316487\" data-element_type=\"widget\" data-e-type=\"widget\" data-widget_type=\"call-to-action.default\">\n\t\t\t\t<div class=\"elementor-widget-container\">\n\t\t\t\t\t\t\t<a class=\"elementor-cta\" href=\"https:\/\/lestouches-france.com\/chambres\/la-tour\/\">\n\t\t\t\t\t<div class=\"elementor-cta__bg-wrapper\">\n\t\t\t\t<div class=\"elementor-cta__bg elementor-bg\" style=\"background-image: url(https:\/\/i0.wp.com\/lestouches-france.com\/wp-content\/uploads\/2026\/01\/2025-09-15-23-46-16-2-scaled.jpeg?fit=768%2C1024&#038;ssl=1);\" role=\"img\" aria-label=\"2025-09-15 23-46-16\"><\/div>\n\t\t\t\t<div class=\"elementor-cta__bg-overlay\"><\/div>\n\t\t\t<\/div>\n\t\t\t\t\t\t\t<div class=\"elementor-cta__content\">\n\t\t\t\t\n\t\t\t\t\t\t\t\t\t<h2 class=\"elementor-cta__title elementor-cta__content-item elementor-content-item\">\n\t\t\t\t\t\tLa Tour\t\t\t\t\t<\/h2>\n\t\t\t\t\n\t\t\t\t\t\t\t\t\t<div class=\"elementor-cta__description elementor-cta__content-item elementor-content-item\">\n\t\t\t\t\t\tPremier g\u00eete du domaine, Bonnezeaux allie authenticit\u00e9 et confort moderne.\nParfait pour les familles ou les amis, il offre un cadre convivial et apaisant, propice aux s\u00e9jours partag\u00e9s au c\u0153ur de la campagne angevine.\t\t\t\t\t<\/div>\n\t\t\t\t\n\t\t\t\t\t\t\t\t\t<div class=\"elementor-cta__button-wrapper elementor-cta__content-item elementor-content-item \">\n\t\t\t\t\t<span class=\"elementor-cta__button elementor-button elementor-size-\">\n\t\t\t\t\t\t1-2 personnes\t\t\t\t\t<\/span>\n\t\t\t\t\t<\/div>\n\t\t\t\t\t\t\t<\/div>\n\t\t\t\t\t\t<\/a>\n\t\t\t\t\t\t<\/div>\n\t\t\t\t<\/div>\n\t\t\t\t<\/div>\n\t\t\t\t\t<\/div>\n\t\t\t\t<\/div>\n\t\t<div class=\"elementor-element elementor-element-7d5308c e-con-full e-flex e-con e-parent\" data-id=\"7d5308c\" data-element_type=\"container\" data-e-type=\"container\">\n\t\t\t\t<div class=\"elementor-element elementor-element-8b51cf9 elementor-widget-divider--view-line elementor-widget elementor-widget-divider\" data-id=\"8b51cf9\" data-element_type=\"widget\" data-e-type=\"widget\" data-widget_type=\"divider.default\">\n\t\t\t\t<div class=\"elementor-widget-container\">\n\t\t\t\t\t\t\t<div class=\"elementor-divider\">\n\t\t\t<span class=\"elementor-divider-separator\">\n\t\t\t\t\t\t<\/span>\n\t\t<\/div>\n\t\t\t\t\t\t<\/div>\n\t\t\t\t<\/div>\n\t\t\t\t<div class=\"elementor-element elementor-element-197f543 elementor-widget elementor-widget-text-editor\" data-id=\"197f543\" data-element_type=\"widget\" data-e-type=\"widget\" data-widget_type=\"text-editor.default\">\n\t\t\t\t<div class=\"elementor-widget-container\">\n\t\t\t\t\t\t\t\t\t<p style=\"text-align: left;\">Les g\u00eetes de charme<\/p>\t\t\t\t\t\t\t\t<\/div>\n\t\t\t\t<\/div>\n\t\t\t\t<div class=\"elementor-element elementor-element-460c7ab7 elementor-widget elementor-widget-image\" data-id=\"460c7ab7\" data-element_type=\"widget\" data-e-type=\"widget\" data-widget_type=\"image.default\">\n\t\t\t\t<div class=\"elementor-widget-container\">\n\t\t\t\t\t\t\t\t\t\t\t\t\t\t\t<img decoding=\"async\" src=\"https:\/\/i0.wp.com\/lestouches-france.com\/wp-content\/uploads\/2024\/11\/logo-atout-france-e1731966020573.png?fit=100%2C100&#038;ssl=1\" title=\"logo atout france\" alt=\"logo atout france\" loading=\"lazy\" \/>\t\t\t\t\t\t\t\t\t\t\t\t\t\t\t<\/div>\n\t\t\t\t<\/div>\n\t\t<div class=\"elementor-element elementor-element-49fbd14 e-grid e-con-full e-con e-child\" data-id=\"49fbd14\" data-element_type=\"container\" data-e-type=\"container\">\n\t\t\t\t<div class=\"elementor-element elementor-element-47e8bd4 elementor-widget elementor-widget-text-editor\" data-id=\"47e8bd4\" data-element_type=\"widget\" data-e-type=\"widget\" data-widget_type=\"text-editor.default\">\n\t\t\t\t<div class=\"elementor-widget-container\">\n\t\t\t\t\t\t\t\t\t<p style=\"text-align: left;\">Des g\u00eetes au confort 3 \u00e9toiles avec draps et serviettes fournis. Panier petit d\u00e9jeuner possible.<\/p>\t\t\t\t\t\t\t\t<\/div>\n\t\t\t\t<\/div>\n\t\t\t\t<div class=\"elementor-element elementor-element-47f5a1c elementor-widget elementor-widget-text-editor\" data-id=\"47f5a1c\" data-element_type=\"widget\" data-e-type=\"widget\" data-widget_type=\"text-editor.default\">\n\t\t\t\t<div class=\"elementor-widget-container\">\n\t\t\t\t\t\t\t\t\t<p style=\"text-align: left;\">R\u00e9servations des g\u00eetes du samedi au samedi les mois de juillet et ao\u00fbt. De septembre \u00e0 juin, locations de minimum 2 nuits accept\u00e9es.<\/p>\t\t\t\t\t\t\t\t<\/div>\n\t\t\t\t<\/div>\n\t\t\t\t<\/div>\n\t\t<div class=\"elementor-element elementor-element-aecdc66 e-grid e-con-full e-con e-child\" data-id=\"aecdc66\" data-element_type=\"container\" data-e-type=\"container\">\n\t\t\t\t<div class=\"elementor-element elementor-element-d578520 elementor-cta--skin-classic elementor-animated-content elementor-bg-transform elementor-bg-transform-zoom-in elementor-widget elementor-widget-call-to-action\" data-id=\"d578520\" data-element_type=\"widget\" data-e-type=\"widget\" data-widget_type=\"call-to-action.default\">\n\t\t\t\t<div class=\"elementor-widget-container\">\n\t\t\t\t\t\t\t<a class=\"elementor-cta\" href=\"https:\/\/lestouches-france.com\/gites\/chenin\/\">\n\t\t\t\t\t<div class=\"elementor-cta__bg-wrapper\">\n\t\t\t\t<div class=\"elementor-cta__bg elementor-bg\" style=\"background-image: url(https:\/\/i0.wp.com\/lestouches-france.com\/wp-content\/uploads\/2026\/01\/Chenin_2024-15.jpg?fit=800%2C527&#038;ssl=1);\" role=\"img\" aria-label=\"Chenin_2024 (15)\"><\/div>\n\t\t\t\t<div class=\"elementor-cta__bg-overlay\"><\/div>\n\t\t\t<\/div>\n\t\t\t\t\t\t\t<div class=\"elementor-cta__content\">\n\t\t\t\t\n\t\t\t\t\t\t\t\t\t<h2 class=\"elementor-cta__title elementor-cta__content-item elementor-content-item\">\n\t\t\t\t\t\tChenin\t\t\t\t\t<\/h2>\n\t\t\t\t\n\t\t\t\t\t\t\t\t\t<div class=\"elementor-cta__description elementor-cta__content-item elementor-content-item\">\n\t\t\t\t\t\tUn g\u00eete de charme, lumineux et confortable, id\u00e9al pour un s\u00e9jour en couple ou en famille.\nChenin s\u00e9duit par son atmosph\u00e8re chaleureuse, ses espaces bien agenc\u00e9s et son acc\u00e8s direct aux jardins et aux \u00e9quipements du Manoir Les Touches.\t\t\t\t\t<\/div>\n\t\t\t\t\n\t\t\t\t\t\t\t\t\t<div class=\"elementor-cta__button-wrapper elementor-cta__content-item elementor-content-item \">\n\t\t\t\t\t<span class=\"elementor-cta__button elementor-button elementor-size-\">\n\t\t\t\t\t\t2 - 4 personnes\t\t\t\t\t<\/span>\n\t\t\t\t\t<\/div>\n\t\t\t\t\t\t\t<\/div>\n\t\t\t\t\t\t<\/a>\n\t\t\t\t\t\t<\/div>\n\t\t\t\t<\/div>\n\t\t\t\t<div class=\"elementor-element elementor-element-02941ef elementor-cta--skin-classic elementor-animated-content elementor-bg-transform elementor-bg-transform-zoom-in elementor-widget elementor-widget-call-to-action\" data-id=\"02941ef\" data-element_type=\"widget\" data-e-type=\"widget\" data-widget_type=\"call-to-action.default\">\n\t\t\t\t<div class=\"elementor-widget-container\">\n\t\t\t\t\t\t\t<a class=\"elementor-cta\" href=\"https:\/\/lestouches-france.com\/gites\/bonnezeaux\/\">\n\t\t\t\t\t<div class=\"elementor-cta__bg-wrapper\">\n\t\t\t\t<div class=\"elementor-cta__bg elementor-bg\" style=\"background-image: url(https:\/\/i0.wp.com\/lestouches-france.com\/wp-content\/uploads\/2026\/01\/Bonnezeaux_2024-10.jpg?fit=800%2C534&#038;ssl=1);\" role=\"img\" aria-label=\"Bonnezeaux_2024 (10)\"><\/div>\n\t\t\t\t<div class=\"elementor-cta__bg-overlay\"><\/div>\n\t\t\t<\/div>\n\t\t\t\t\t\t\t<div class=\"elementor-cta__content\">\n\t\t\t\t\n\t\t\t\t\t\t\t\t\t<h2 class=\"elementor-cta__title elementor-cta__content-item elementor-content-item\">\n\t\t\t\t\t\tBonnezeaux\t\t\t\t\t<\/h2>\n\t\t\t\t\n\t\t\t\t\t\t\t\t\t<div class=\"elementor-cta__description elementor-cta__content-item elementor-content-item\">\n\t\t\t\t\t\tPremier g\u00eete du domaine, Bonnezeaux allie authenticit\u00e9 et confort moderne.\nParfait pour les familles ou les amis, il offre un cadre convivial et apaisant, propice aux s\u00e9jours partag\u00e9s au c\u0153ur de la campagne angevine.\t\t\t\t\t<\/div>\n\t\t\t\t\n\t\t\t\t\t\t\t\t\t<div class=\"elementor-cta__button-wrapper elementor-cta__content-item elementor-content-item \">\n\t\t\t\t\t<span class=\"elementor-cta__button elementor-button elementor-size-\">\n\t\t\t\t\t\t2 - 4 personnes\t\t\t\t\t<\/span>\n\t\t\t\t\t<\/div>\n\t\t\t\t\t\t\t<\/div>\n\t\t\t\t\t\t<\/a>\n\t\t\t\t\t\t<\/div>\n\t\t\t\t<\/div>\n\t\t\t\t<div class=\"elementor-element elementor-element-805064a elementor-cta--skin-classic elementor-animated-content elementor-bg-transform elementor-bg-transform-zoom-in elementor-widget elementor-widget-call-to-action\" data-id=\"805064a\" data-element_type=\"widget\" data-e-type=\"widget\" data-widget_type=\"call-to-action.default\">\n\t\t\t\t<div class=\"elementor-widget-container\">\n\t\t\t\t\t\t\t<a class=\"elementor-cta\" href=\"https:\/\/lestouches-france.com\/gites\/anjou\/\">\n\t\t\t\t\t<div class=\"elementor-cta__bg-wrapper\">\n\t\t\t\t<div class=\"elementor-cta__bg elementor-bg\" style=\"background-image: url(https:\/\/i0.wp.com\/lestouches-france.com\/wp-content\/uploads\/2026\/01\/Anjou_2024-29.jpg?fit=800%2C534&#038;ssl=1);\" role=\"img\" aria-label=\"Anjou_2024 (29)\"><\/div>\n\t\t\t\t<div class=\"elementor-cta__bg-overlay\"><\/div>\n\t\t\t<\/div>\n\t\t\t\t\t\t\t<div class=\"elementor-cta__content\">\n\t\t\t\t\n\t\t\t\t\t\t\t\t\t<h2 class=\"elementor-cta__title elementor-cta__content-item elementor-content-item\">\n\t\t\t\t\t\tAnjou\t\t\t\t\t<\/h2>\n\t\t\t\t\n\t\t\t\t\t\t\t\t\t<div class=\"elementor-cta__description elementor-cta__content-item elementor-content-item\">\n\t\t\t\t\t\tSpacieux et \u00e9l\u00e9gant, Anjou est con\u00e7u pour accueillir familles et groupes d\u2019amis en toute s\u00e9r\u00e9nit\u00e9.\nSes volumes g\u00e9n\u00e9reux et son caract\u00e8re authentique en font un lieu id\u00e9al pour se retrouver et profiter pleinement du domaine.\t\t\t\t\t<\/div>\n\t\t\t\t\n\t\t\t\t\t\t\t\t\t<div class=\"elementor-cta__button-wrapper elementor-cta__content-item elementor-content-item \">\n\t\t\t\t\t<span class=\"elementor-cta__button elementor-button elementor-size-\">\n\t\t\t\t\t\t2 - 6 personnes\t\t\t\t\t<\/span>\n\t\t\t\t\t<\/div>\n\t\t\t\t\t\t\t<\/div>\n\t\t\t\t\t\t<\/a>\n\t\t\t\t\t\t<\/div>\n\t\t\t\t<\/div>\n\t\t\t\t<div class=\"elementor-element elementor-element-cd87c49 elementor-cta--skin-classic elementor-animated-content elementor-bg-transform elementor-bg-transform-zoom-in elementor-widget elementor-widget-call-to-action\" data-id=\"cd87c49\" data-element_type=\"widget\" data-e-type=\"widget\" data-widget_type=\"call-to-action.default\">\n\t\t\t\t<div class=\"elementor-widget-container\">\n\t\t\t\t\t\t\t<a class=\"elementor-cta\" href=\"https:\/\/lestouches-france.com\/gites\/le-clocher-du-layon\/\" target=\"_blank\">\n\t\t\t\t\t<div class=\"elementor-cta__bg-wrapper\">\n\t\t\t\t<div class=\"elementor-cta__bg elementor-bg\" style=\"background-image: url(https:\/\/i0.wp.com\/lestouches-france.com\/wp-content\/uploads\/2026\/03\/IMG_8486-scaled.jpg?fit=800%2C600&#038;ssl=1);\" role=\"img\" aria-label=\"IMG_8486\"><\/div>\n\t\t\t\t<div class=\"elementor-cta__bg-overlay\"><\/div>\n\t\t\t<\/div>\n\t\t\t\t\t\t\t<div class=\"elementor-cta__content\">\n\t\t\t\t\n\t\t\t\t\t\t\t\t\t<h2 class=\"elementor-cta__title elementor-cta__content-item elementor-content-item\">\n\t\t\t\t\t\tLe Clocher du Layon\t\t\t\t\t<\/h2>\n\t\t\t\t\n\t\t\t\t\t\t\t\t\t<div class=\"elementor-cta__description elementor-cta__content-item elementor-content-item\">\n\t\t\t\t\t\tSitu\u00e9 \u00e0 seulement 7 minutes du manoir,  un g\u00eete enti\u00e8rement ind\u00e9pendant, id\u00e9al pour les h\u00f4tes recherchant calme, intimit\u00e9 et autonomie.\n\nCe g\u00eete offre un cadre paisible au c\u0153ur du village de Nueil-sur-Layon et permet de profiter pleinement de la r\u00e9gion. \t\t\t\t\t<\/div>\n\t\t\t\t\n\t\t\t\t\t\t\t\t\t<div class=\"elementor-cta__button-wrapper elementor-cta__content-item elementor-content-item \">\n\t\t\t\t\t<span class=\"elementor-cta__button elementor-button elementor-size-\">\n\t\t\t\t\t\t2 - 5 personnes\t\t\t\t\t<\/span>\n\t\t\t\t\t<\/div>\n\t\t\t\t\t\t\t<\/div>\n\t\t\t\t\t\t<\/a>\n\t\t\t\t\t\t<\/div>\n\t\t\t\t<\/div>\n\t\t\t\t<\/div>\n\t\t\t\t<\/div>\n\t\t\t\t<\/div>\n\t\t","protected":false},"excerpt":{"rendered":"<p>Chambres d\u2019h\u00f4tes &amp; G\u00eetes Les Chambres Golden Un g\u00eete de charme, lumineux et confortable, id\u00e9al pour un s\u00e9jour en couple ou en famille. Chenin s\u00e9duit par son atmosph\u00e8re chaleureuse, ses espaces bien agenc\u00e9s et son acc\u00e8s direct aux jardins et aux \u00e9quipements du Manoir Les Touches. 1-2 personnes La Tour Premier g\u00eete du domaine, Bonnezeaux [&hellip;]<\/p>\n","protected":false},"author":2,"featured_media":0,"parent":0,"menu_order":0,"comment_status":"closed","ping_status":"closed","template":"","meta":{"content-type":"","footnotes":""},"class_list":["post-1479","page","type-page","status-publish","hentry"],"yoast_head":"<!-- This site is optimized with the Yoast SEO Premium plugin v27.1 (Yoast SEO v27.5) - https:\/\/yoast.com\/product\/yoast-seo-premium-wordpress\/ -->\n<title>Nos h\u00e9bergements - Les Touches<\/title>\n<meta name=\"robots\" content=\"index, follow, max-snippet:-1, max-image-preview:large, max-video-preview:-1\" \/>\n<link rel=\"canonical\" href=\"https:\/\/lestouches-france.com\/en\/accommodation\/\" \/>\n<meta property=\"og:locale\" content=\"en_GB\" \/>\n<meta property=\"og:type\" content=\"article\" \/>\n<meta property=\"og:title\" content=\"Nos h\u00e9bergements\" \/>\n<meta property=\"og:description\" content=\"Chambres d\u2019h\u00f4tes &amp; G\u00eetes Les Chambres Golden Un g\u00eete de charme, lumineux et confortable, id\u00e9al pour un s\u00e9jour en couple ou en famille. Chenin s\u00e9duit par son atmosph\u00e8re chaleureuse, ses espaces bien agenc\u00e9s et son acc\u00e8s direct aux jardins et aux \u00e9quipements du Manoir Les Touches. 1-2 personnes La Tour Premier g\u00eete du domaine, Bonnezeaux [&hellip;]\" \/>\n<meta property=\"og:url\" content=\"https:\/\/lestouches-france.com\/en\/accommodation\/\" \/>\n<meta property=\"og:site_name\" content=\"Les Touches\" \/>\n<meta property=\"article:modified_time\" content=\"2026-03-23T08:06:27+00:00\" \/>\n<meta property=\"og:image\" content=\"https:\/\/lestouches-france.com\/wp-content\/uploads\/elementor\/thumbs\/logo-atout-france-e1731966020573-qx9a78i0ueekdr8ugjqwepiepi73x8zsxt030268yw.png\" \/>\n<meta name=\"twitter:card\" content=\"summary_large_image\" \/>\n<meta name=\"twitter:label1\" content=\"Estimated reading time\" \/>\n\t<meta name=\"twitter:data1\" content=\"2 minutes\" \/>\n<script type=\"application\/ld+json\" class=\"yoast-schema-graph\">{\"@context\":\"https:\\\/\\\/schema.org\",\"@graph\":[{\"@type\":\"WebPage\",\"@id\":\"https:\\\/\\\/lestouches-france.com\\\/hebergements\\\/\",\"url\":\"https:\\\/\\\/lestouches-france.com\\\/hebergements\\\/\",\"name\":\"Nos h\u00e9bergements - Les Touches\",\"isPartOf\":{\"@id\":\"https:\\\/\\\/lestouches-france.com\\\/#website\"},\"primaryImageOfPage\":{\"@id\":\"https:\\\/\\\/lestouches-france.com\\\/hebergements\\\/#primaryimage\"},\"image\":{\"@id\":\"https:\\\/\\\/lestouches-france.com\\\/hebergements\\\/#primaryimage\"},\"thumbnailUrl\":\"https:\\\/\\\/lestouches-france.com\\\/wp-content\\\/uploads\\\/elementor\\\/thumbs\\\/logo-atout-france-e1731966020573-qx9a78i0ueekdr8ugjqwepiepi73x8zsxt030268yw.png\",\"datePublished\":\"2026-01-11T20:04:14+00:00\",\"dateModified\":\"2026-03-23T08:06:27+00:00\",\"breadcrumb\":{\"@id\":\"https:\\\/\\\/lestouches-france.com\\\/hebergements\\\/#breadcrumb\"},\"inLanguage\":\"en-GB\",\"potentialAction\":[{\"@type\":\"ReadAction\",\"target\":[\"https:\\\/\\\/lestouches-france.com\\\/hebergements\\\/\"]}]},{\"@type\":\"ImageObject\",\"inLanguage\":\"en-GB\",\"@id\":\"https:\\\/\\\/lestouches-france.com\\\/hebergements\\\/#primaryimage\",\"url\":\"https:\\\/\\\/lestouches-france.com\\\/wp-content\\\/uploads\\\/elementor\\\/thumbs\\\/logo-atout-france-e1731966020573-qx9a78i0ueekdr8ugjqwepiepi73x8zsxt030268yw.png\",\"contentUrl\":\"https:\\\/\\\/lestouches-france.com\\\/wp-content\\\/uploads\\\/elementor\\\/thumbs\\\/logo-atout-france-e1731966020573-qx9a78i0ueekdr8ugjqwepiepi73x8zsxt030268yw.png\"},{\"@type\":\"BreadcrumbList\",\"@id\":\"https:\\\/\\\/lestouches-france.com\\\/hebergements\\\/#breadcrumb\",\"itemListElement\":[{\"@type\":\"ListItem\",\"position\":1,\"name\":\"Home\",\"item\":\"https:\\\/\\\/lestouches-france.com\\\/\"},{\"@type\":\"ListItem\",\"position\":2,\"name\":\"Nos h\u00e9bergements\"}]},{\"@type\":\"WebSite\",\"@id\":\"https:\\\/\\\/lestouches-france.com\\\/#website\",\"url\":\"https:\\\/\\\/lestouches-france.com\\\/\",\"name\":\"Les Touches\",\"description\":\"Holiday Homes in The Loire Valley\",\"publisher\":{\"@id\":\"https:\\\/\\\/lestouches-france.com\\\/#organization\"},\"potentialAction\":[{\"@type\":\"SearchAction\",\"target\":{\"@type\":\"EntryPoint\",\"urlTemplate\":\"https:\\\/\\\/lestouches-france.com\\\/?s={search_term_string}\"},\"query-input\":{\"@type\":\"PropertyValueSpecification\",\"valueRequired\":true,\"valueName\":\"search_term_string\"}}],\"inLanguage\":\"en-GB\"},{\"@type\":\"Organization\",\"@id\":\"https:\\\/\\\/lestouches-france.com\\\/#organization\",\"name\":\"Les Touches\",\"url\":\"https:\\\/\\\/lestouches-france.com\\\/\",\"logo\":{\"@type\":\"ImageObject\",\"inLanguage\":\"en-GB\",\"@id\":\"https:\\\/\\\/lestouches-france.com\\\/#\\\/schema\\\/logo\\\/image\\\/\",\"url\":\"https:\\\/\\\/i0.wp.com\\\/lestouches-france.com\\\/wp-content\\\/uploads\\\/2020\\\/08\\\/cropped-12191645_1513828312264543_4617545546530602927_n.png?fit=300%2C259&ssl=1\",\"contentUrl\":\"https:\\\/\\\/i0.wp.com\\\/lestouches-france.com\\\/wp-content\\\/uploads\\\/2020\\\/08\\\/cropped-12191645_1513828312264543_4617545546530602927_n.png?fit=300%2C259&ssl=1\",\"width\":300,\"height\":259,\"caption\":\"Les Touches\"},\"image\":{\"@id\":\"https:\\\/\\\/lestouches-france.com\\\/#\\\/schema\\\/logo\\\/image\\\/\"}}]}<\/script>\n<!-- \/ Yoast SEO Premium plugin. -->","yoast_head_json":{"title":"Our accommodation - Les Touches","robots":{"index":"index","follow":"follow","max-snippet":"max-snippet:-1","max-image-preview":"max-image-preview:large","max-video-preview":"max-video-preview:-1"},"canonical":"https:\/\/lestouches-france.com\/en\/accommodation\/","og_locale":"en_GB","og_type":"article","og_title":"Nos h\u00e9bergements","og_description":"Chambres d\u2019h\u00f4tes &amp; G\u00eetes Les Chambres Golden Un g\u00eete de charme, lumineux et confortable, id\u00e9al pour un s\u00e9jour en couple ou en famille. Chenin s\u00e9duit par son atmosph\u00e8re chaleureuse, ses espaces bien agenc\u00e9s et son acc\u00e8s direct aux jardins et aux \u00e9quipements du Manoir Les Touches. 1-2 personnes La Tour Premier g\u00eete du domaine, Bonnezeaux [&hellip;]","og_url":"https:\/\/lestouches-france.com\/en\/accommodation\/","og_site_name":"Les Touches","article_modified_time":"2026-03-23T08:06:27+00:00","og_image":[{"url":"https:\/\/lestouches-france.com\/wp-content\/uploads\/elementor\/thumbs\/logo-atout-france-e1731966020573-qx9a78i0ueekdr8ugjqwepiepi73x8zsxt030268yw.png","type":"","width":"","height":""}],"twitter_card":"summary_large_image","twitter_misc":{"Estimated reading time":"2 minutes"},"schema":{"@context":"https:\/\/schema.org","@graph":[{"@type":"WebPage","@id":"https:\/\/lestouches-france.com\/hebergements\/","url":"https:\/\/lestouches-france.com\/hebergements\/","name":"Our accommodation - Les Touches","isPartOf":{"@id":"https:\/\/lestouches-france.com\/#website"},"primaryImageOfPage":{"@id":"https:\/\/lestouches-france.com\/hebergements\/#primaryimage"},"image":{"@id":"https:\/\/lestouches-france.com\/hebergements\/#primaryimage"},"thumbnailUrl":"https:\/\/lestouches-france.com\/wp-content\/uploads\/elementor\/thumbs\/logo-atout-france-e1731966020573-qx9a78i0ueekdr8ugjqwepiepi73x8zsxt030268yw.png","datePublished":"2026-01-11T20:04:14+00:00","dateModified":"2026-03-23T08:06:27+00:00","breadcrumb":{"@id":"https:\/\/lestouches-france.com\/hebergements\/#breadcrumb"},"inLanguage":"en-GB","potentialAction":[{"@type":"ReadAction","target":["https:\/\/lestouches-france.com\/hebergements\/"]}]},{"@type":"ImageObject","inLanguage":"en-GB","@id":"https:\/\/lestouches-france.com\/hebergements\/#primaryimage","url":"https:\/\/lestouches-france.com\/wp-content\/uploads\/elementor\/thumbs\/logo-atout-france-e1731966020573-qx9a78i0ueekdr8ugjqwepiepi73x8zsxt030268yw.png","contentUrl":"https:\/\/lestouches-france.com\/wp-content\/uploads\/elementor\/thumbs\/logo-atout-france-e1731966020573-qx9a78i0ueekdr8ugjqwepiepi73x8zsxt030268yw.png"},{"@type":"BreadcrumbList","@id":"https:\/\/lestouches-france.com\/hebergements\/#breadcrumb","itemListElement":[{"@type":"ListItem","position":1,"name":"Home","item":"https:\/\/lestouches-france.com\/"},{"@type":"ListItem","position":2,"name":"Nos h\u00e9bergements"}]},{"@type":"WebSite","@id":"https:\/\/lestouches-france.com\/#website","url":"https:\/\/lestouches-france.com\/","name":"Les Touches","description":"Holiday Homes in The Loire Valley","publisher":{"@id":"https:\/\/lestouches-france.com\/#organization"},"potentialAction":[{"@type":"SearchAction","target":{"@type":"EntryPoint","urlTemplate":"https:\/\/lestouches-france.com\/?s={search_term_string}"},"query-input":{"@type":"PropertyValueSpecification","valueRequired":true,"valueName":"search_term_string"}}],"inLanguage":"en-GB"},{"@type":"Organization","@id":"https:\/\/lestouches-france.com\/#organization","name":"Les Touches","url":"https:\/\/lestouches-france.com\/","logo":{"@type":"ImageObject","inLanguage":"en-GB","@id":"https:\/\/lestouches-france.com\/#\/schema\/logo\/image\/","url":"https:\/\/i0.wp.com\/lestouches-france.com\/wp-content\/uploads\/2020\/08\/cropped-12191645_1513828312264543_4617545546530602927_n.png?fit=300%2C259&ssl=1","contentUrl":"https:\/\/i0.wp.com\/lestouches-france.com\/wp-content\/uploads\/2020\/08\/cropped-12191645_1513828312264543_4617545546530602927_n.png?fit=300%2C259&ssl=1","width":300,"height":259,"caption":"Les Touches"},"image":{"@id":"https:\/\/lestouches-france.com\/#\/schema\/logo\/image\/"}}]}},"jetpack_sharing_enabled":true,"_links":{"self":[{"href":"https:\/\/lestouches-france.com\/en\/wp-json\/wp\/v2\/pages\/1479","targetHints":{"allow":["GET"]}}],"collection":[{"href":"https:\/\/lestouches-france.com\/en\/wp-json\/wp\/v2\/pages"}],"about":[{"href":"https:\/\/lestouches-france.com\/en\/wp-json\/wp\/v2\/types\/page"}],"author":[{"embeddable":true,"href":"https:\/\/lestouches-france.com\/en\/wp-json\/wp\/v2\/users\/2"}],"replies":[{"embeddable":true,"href":"https:\/\/lestouches-france.com\/en\/wp-json\/wp\/v2\/comments?post=1479"}],"version-history":[{"count":16,"href":"https:\/\/lestouches-france.com\/en\/wp-json\/wp\/v2\/pages\/1479\/revisions"}],"predecessor-version":[{"id":1598,"href":"https:\/\/lestouches-france.com\/en\/wp-json\/wp\/v2\/pages\/1479\/revisions\/1598"}],"wp:attachment":[{"href":"https:\/\/lestouches-france.com\/en\/wp-json\/wp\/v2\/media?parent=1479"}],"curies":[{"name":"wp","href":"https:\/\/api.w.org\/{rel}","templated":true}]}}